{"id":100765,"date":"2024-03-21T15:37:30","date_gmt":"2024-03-21T15:37:30","guid":{"rendered":"https:\/\/www.victor.it\/politiques-sociales\/"},"modified":"2026-03-10T15:14:43","modified_gmt":"2026-03-10T15:14:43","slug":"politiques-sociales","status":"publish","type":"page","link":"https:\/\/www.victor.it\/fr\/politiques-sociales\/","title":{"rendered":"Politiques sociales"},"content":{"rendered":"\t\t<div data-elementor-type=\"wp-page\" data-elementor-id=\"100765\" class=\"elementor elementor-100765 elementor-46\" data-elementor-post-type=\"page\">\n\t\t\t\t<div class=\"elementor-element elementor-element-05368b6 e-con-full e-flex e-con e-parent\" data-id=\"05368b6\" data-element_type=\"container\" data-e-type=\"container\">\n\t\t<div class=\"elementor-element elementor-element-7b2b9f1 e-con-full e-flex e-con e-child\" data-id=\"7b2b9f1\" data-element_type=\"container\" data-e-type=\"container\">\n\t\t\t\t<div class=\"elementor-element elementor-element-ba8a21b elementor-widget elementor-widget-heading\" data-id=\"ba8a21b\" data-element_type=\"widget\" data-e-type=\"widget\" data-widget_type=\"heading.default\">\n\t\t\t\t<div class=\"elementor-widget-container\">\n\t\t\t\t\t<h2 class=\"elementor-heading-title elementor-size-default\">Politiques sociales<\/h2>\t\t\t\t<\/div>\n\t\t\t\t<\/div>\n\t\t\t\t<div class=\"elementor-element elementor-element-aa3d489 elementor-widget elementor-widget-heading\" data-id=\"aa3d489\" data-element_type=\"widget\" data-e-type=\"widget\" data-widget_type=\"heading.default\">\n\t\t\t\t<div class=\"elementor-widget-container\">\n\t\t\t\t\t<h1 class=\"elementor-heading-title elementor-size-default\">Nous poursuivons un mod\u00e8le \u00e9conomique durable en int\u00e9grant \u00e9galement les dimensions sociale et environnementale au c\u0153ur de nos activit\u00e9s.<\/h1>\t\t\t\t<\/div>\n\t\t\t\t<\/div>\n\t\t\t\t<div class=\"elementor-element elementor-element-8f4c2a4 elementor-widget elementor-widget-text-editor\" data-id=\"8f4c2a4\" data-element_type=\"widget\" data-e-type=\"widget\" data-widget_type=\"text-editor.default\">\n\t\t\t\t<div class=\"elementor-widget-container\">\n\t\t\t\t\t\t\t\t\t<p>\u00c0 travers nos politiques sociales, nous affirmons notre engagement envers l\u2019ensemble des parties prenantes, qu\u2019elles soient internes ou externes : collaborateurs, clients, fournisseurs, ainsi que la communaut\u00e9 et le territoire au sein desquels nous op\u00e9rons.<\/p>\t\t\t\t\t\t\t\t<\/div>\n\t\t\t\t<\/div>\n\t\t\t\t<\/div>\n\t\t\t\t<\/div>\n\t\t<div class=\"elementor-element elementor-element-775d0fd e-con-full e-flex e-con e-child\" data-id=\"775d0fd\" data-element_type=\"container\" data-e-type=\"container\">\n\t\t<div class=\"elementor-element elementor-element-552f42b e-flex e-con-boxed e-con e-child\" data-id=\"552f42b\" data-element_type=\"container\" data-e-type=\"container\" id=\"sociale\">\n\t\t\t\t\t<div class=\"e-con-inner\">\n\t\t\t\t<div class=\"elementor-element elementor-element-ad68604 elementor-widget elementor-widget-image\" data-id=\"ad68604\" data-element_type=\"widget\" data-e-type=\"widget\" data-widget_type=\"image.default\">\n\t\t\t\t<div class=\"elementor-widget-container\">\n\t\t\t\t\t\t\t\t\t\t\t\t\t\t\t<img decoding=\"async\" src=\"https:\/\/www.victor.it\/wp-content\/uploads\/elementor\/thumbs\/Nastrificio_Victor_19-uai-1200x675-1-qzxxbpzk2ywphjqm44hq1lciuvmqm27oi1rd3c6hs8.jpg\" title=\"Nastrificio_Victor_19-uai-1200&#215;675\" alt=\"Lorem Ipsum\u00a0is simply dummy text of the printing and typesetting industry.\u00a0Lorem Ipsum\u00a0has been the industry&#039;s standard dummy text ever since the 1500s, whe\" loading=\"lazy\" \/>\t\t\t\t\t\t\t\t\t\t\t\t\t\t\t<\/div>\n\t\t\t\t<\/div>\n\t\t\t\t\t<\/div>\n\t\t\t\t<\/div>\n\t\t<div class=\"elementor-element elementor-element-0cc6b58 e-con-full e-flex e-con e-child\" data-id=\"0cc6b58\" data-element_type=\"container\" data-e-type=\"container\" id=\"ambientale\">\n\t\t<div class=\"elementor-element elementor-element-8498a4d e-flex e-con-boxed e-con e-child\" data-id=\"8498a4d\" data-element_type=\"container\" data-e-type=\"container\">\n\t\t\t\t\t<div class=\"e-con-inner\">\n\t\t<div class=\"elementor-element elementor-element-e561208 e-con-full e-flex e-con e-child\" data-id=\"e561208\" data-element_type=\"container\" data-e-type=\"container\">\n\t\t\t\t<div class=\"elementor-element elementor-element-b7af1f3 elementor-widget elementor-widget-text-editor\" data-id=\"b7af1f3\" data-element_type=\"widget\" data-e-type=\"widget\" data-widget_type=\"text-editor.default\">\n\t\t\t\t<div class=\"elementor-widget-container\">\n\t\t\t\t\t\t\t\t\tNastrificio Victor S.p.A. s\u2019engage \u00e0 soutenir et \u00e0 promouvoir des politiques sociales conformes aux normes internationales et aux r\u00e9glementations nationales. L\u2019entreprise respecte les exigences de la norme SA8000 afin de garantir des conditions de travail dignes, de pr\u00e9venir l\u2019exploitation et la discrimination, et de favoriser le bien-\u00eatre de ses salari\u00e9s. En outre, elle adopte un syst\u00e8me de management de la sant\u00e9 et de la s\u00e9curit\u00e9 conforme \u00e0 la norme UNI ISO 45001, cr\u00e9ant ainsi des environnements de travail s\u00fbrs et sains. En mati\u00e8re d\u2019environnement, Nastrificio Victor met en \u0153uvre la norme UNI EN ISO 14001, s\u2019orientant vers des pratiques durables et la r\u00e9duction de son impact environnemental. L\u2019entreprise surveille en permanence ses performances sociales et environnementales, am\u00e9liorant sans cesse ses processus et int\u00e9grant des valeurs \u00e9thiques \u00e0 sa culture d\u2019entreprise. Cet engagement refl\u00e8te notre volont\u00e9 de contribuer \u00e0 une soci\u00e9t\u00e9 plus juste et plus durable, en parfaite ad\u00e9quation avec les dispositions des conventions de l\u2019Organisation Internationale du Travail et les normes de l\u2019Organisation des Nations Unies en mati\u00e8re de responsabilit\u00e9 sociale.     \t\t\t\t\t\t\t\t<\/div>\n\t\t\t\t<\/div>\n\t\t\t\t<div class=\"elementor-element elementor-element-d0f6dcc elementor-widget elementor-widget-button\" data-id=\"d0f6dcc\" data-element_type=\"widget\" data-e-type=\"widget\" data-widget_type=\"button.default\">\n\t\t\t\t<div class=\"elementor-widget-container\">\n\t\t\t\t\t\t\t\t\t<div class=\"elementor-button-wrapper\">\n\t\t\t\t\t<a class=\"elementor-button elementor-button-link elementor-size-sm elementor-animation-float\" href=\"https:\/\/www.victor.it\/wp-content\/uploads\/2025\/01\/PSGI-politica-SGI-rev-02.pdf\" target=\"_blank\">\n\t\t\t\t\t\t<span class=\"elementor-button-content-wrapper\">\n\t\t\t\t\t\t\t\t\t<span class=\"elementor-button-text\">t\u00e9l\u00e9charger<\/span>\n\t\t\t\t\t<\/span>\n\t\t\t\t\t<\/a>\n\t\t\t\t<\/div>\n\t\t\t\t\t\t\t\t<\/div>\n\t\t\t\t<\/div>\n\t\t\t\t<\/div>\n\t\t\t\t\t<\/div>\n\t\t\t\t<\/div>\n\t\t\t\t<\/div>\n\t\t<div class=\"elementor-element elementor-element-4aedd2b e-flex e-con-boxed e-con e-child\" data-id=\"4aedd2b\" data-element_type=\"container\" data-e-type=\"container\">\n\t\t\t\t\t<div class=\"e-con-inner\">\n\t\t\t\t<div class=\"elementor-element elementor-element-4eb28be elementor-widget elementor-widget-image\" data-id=\"4eb28be\" data-element_type=\"widget\" data-e-type=\"widget\" data-widget_type=\"image.default\">\n\t\t\t\t<div class=\"elementor-widget-container\">\n\t\t\t\t\t\t\t\t\t\t\t\t\t\t\t<img decoding=\"async\" src=\"https:\/\/www.victor.it\/wp-content\/uploads\/elementor\/thumbs\/Nastrificio_Victor_05-qzxxbpzk2ywphjqm44hq1lciuvmqm27oi1rd3c6hs8.jpg\" title=\"04 &#8211; Orditorio\" alt=\"04 - Orditorio\" loading=\"lazy\" \/>\t\t\t\t\t\t\t\t\t\t\t\t\t\t\t<\/div>\n\t\t\t\t<\/div>\n\t\t\t\t\t<\/div>\n\t\t\t\t<\/div>\n\t\t\t\t<\/div>\n\t\t\t\t<\/div>\n\t\t","protected":false},"excerpt":{"rendered":"<p>Politiques sociales Nous poursuivons un mod\u00e8le \u00e9conomique durable en int\u00e9grant \u00e9galement les dimensions sociale et environnementale au c\u0153ur de nos activit\u00e9s. \u00c0 travers nos politiques sociales, nous affirmons notre engagement envers l\u2019ensemble des parties prenantes, qu\u2019elles soient internes ou externes : collaborateurs, clients, fournisseurs, ainsi que la communaut\u00e9 et le territoire au sein desquels nous [&hellip;]<\/p>\n","protected":false},"author":1,"featured_media":0,"parent":0,"menu_order":100,"comment_status":"closed","ping_status":"closed","template":"elementor_theme","meta":{"_acf_changed":false,"footnotes":""},"class_list":["post-100765","page","type-page","status-publish","hentry"],"acf":[],"yoast_head":"<!-- This site is optimized with the Yoast SEO plugin v27.2 - https:\/\/yoast.com\/product\/yoast-seo-wordpress\/ -->\n<title>Nos politiques sociales | Nastrificio Victor<\/title>\n<meta name=\"description\" content=\"Les politiques sociales sont notre mani\u00e8re de d\u00e9montrer notre engagement en mati\u00e8re de sant\u00e9 et de s\u00e9curit\u00e9 des travailleurs, d&#039;environnement et de soci\u00e9t\u00e9.\" \/>\n<meta name=\"robots\" content=\"index, follow, max-snippet:-1, max-image-preview:large, max-video-preview:-1\" \/>\n<link rel=\"canonical\" href=\"https:\/\/www.victor.it\/fr\/politiques-sociales\/\" \/>\n<meta property=\"og:locale\" content=\"fr_FR\" \/>\n<meta property=\"og:type\" content=\"article\" \/>\n<meta property=\"og:title\" content=\"Nos politiques sociales | Nastrificio Victor\" \/>\n<meta property=\"og:description\" content=\"Les politiques sociales sont notre mani\u00e8re de d\u00e9montrer notre engagement en mati\u00e8re de sant\u00e9 et de s\u00e9curit\u00e9 des travailleurs, d&#039;environnement et de soci\u00e9t\u00e9.\" \/>\n<meta property=\"og:url\" content=\"https:\/\/www.victor.it\/fr\/politiques-sociales\/\" \/>\n<meta property=\"og:site_name\" content=\"Nastrificio Victor\" \/>\n<meta property=\"article:modified_time\" content=\"2026-03-10T15:14:43+00:00\" \/>\n<meta property=\"og:image\" content=\"https:\/\/www.victor.it\/wp-content\/uploads\/elementor\/thumbs\/Nastrificio_Victor_19-uai-1200x675-1-qzxxbpzk2ywphjqm44hq1lciuvmqm27oi1rd3c6hs8.jpg\" \/>\n<meta name=\"twitter:card\" content=\"summary_large_image\" \/>\n<meta name=\"twitter:label1\" content=\"Dur\u00e9e de lecture estim\u00e9e\" \/>\n\t<meta name=\"twitter:data1\" content=\"2 minutes\" \/>\n<script type=\"application\/ld+json\" class=\"yoast-schema-graph\">{\"@context\":\"https:\/\/schema.org\",\"@graph\":[{\"@type\":\"WebPage\",\"@id\":\"https:\/\/www.victor.it\/fr\/politiques-sociales\/\",\"url\":\"https:\/\/www.victor.it\/fr\/politiques-sociales\/\",\"name\":\"Nos politiques sociales | Nastrificio Victor\",\"isPartOf\":{\"@id\":\"https:\/\/www.victor.it\/fr\/#website\"},\"primaryImageOfPage\":{\"@id\":\"https:\/\/www.victor.it\/fr\/politiques-sociales\/#primaryimage\"},\"image\":{\"@id\":\"https:\/\/www.victor.it\/fr\/politiques-sociales\/#primaryimage\"},\"thumbnailUrl\":\"https:\/\/www.victor.it\/wp-content\/uploads\/elementor\/thumbs\/Nastrificio_Victor_19-uai-1200x675-1-qzxxbpzk2ywphjqm44hq1lciuvmqm27oi1rd3c6hs8.jpg\",\"datePublished\":\"2024-03-21T15:37:30+00:00\",\"dateModified\":\"2026-03-10T15:14:43+00:00\",\"description\":\"Les politiques sociales sont notre mani\u00e8re de d\u00e9montrer notre engagement en mati\u00e8re de sant\u00e9 et de s\u00e9curit\u00e9 des travailleurs, d'environnement et de soci\u00e9t\u00e9.\",\"breadcrumb\":{\"@id\":\"https:\/\/www.victor.it\/fr\/politiques-sociales\/#breadcrumb\"},\"inLanguage\":\"fr-FR\",\"potentialAction\":[{\"@type\":\"ReadAction\",\"target\":[\"https:\/\/www.victor.it\/fr\/politiques-sociales\/\"]}]},{\"@type\":\"ImageObject\",\"inLanguage\":\"fr-FR\",\"@id\":\"https:\/\/www.victor.it\/fr\/politiques-sociales\/#primaryimage\",\"url\":\"https:\/\/www.victor.it\/wp-content\/uploads\/elementor\/thumbs\/Nastrificio_Victor_19-uai-1200x675-1-qzxxbpzk2ywphjqm44hq1lciuvmqm27oi1rd3c6hs8.jpg\",\"contentUrl\":\"https:\/\/www.victor.it\/wp-content\/uploads\/elementor\/thumbs\/Nastrificio_Victor_19-uai-1200x675-1-qzxxbpzk2ywphjqm44hq1lciuvmqm27oi1rd3c6hs8.jpg\"},{\"@type\":\"BreadcrumbList\",\"@id\":\"https:\/\/www.victor.it\/fr\/politiques-sociales\/#breadcrumb\",\"itemListElement\":[{\"@type\":\"ListItem\",\"position\":1,\"name\":\"Home\",\"item\":\"https:\/\/www.victor.it\/fr\/home-2\/\"},{\"@type\":\"ListItem\",\"position\":2,\"name\":\"Politiques sociales\"}]},{\"@type\":\"WebSite\",\"@id\":\"https:\/\/www.victor.it\/fr\/#website\",\"url\":\"https:\/\/www.victor.it\/fr\/\",\"name\":\"Nastrificio Victor\",\"description\":\"Rubans, bandes, cordons, \u00e9lastiques, lacets pour la mode\",\"potentialAction\":[{\"@type\":\"SearchAction\",\"target\":{\"@type\":\"EntryPoint\",\"urlTemplate\":\"https:\/\/www.victor.it\/fr\/?s={search_term_string}\"},\"query-input\":{\"@type\":\"PropertyValueSpecification\",\"valueRequired\":true,\"valueName\":\"search_term_string\"}}],\"inLanguage\":\"fr-FR\"}]}<\/script>\n<!-- \/ Yoast SEO plugin. -->","yoast_head_json":{"title":"Nos politiques sociales | Nastrificio Victor","description":"Les politiques sociales sont notre mani\u00e8re de d\u00e9montrer notre engagement en mati\u00e8re de sant\u00e9 et de s\u00e9curit\u00e9 des travailleurs, d'environnement et de soci\u00e9t\u00e9.","robots":{"index":"index","follow":"follow","max-snippet":"max-snippet:-1","max-image-preview":"max-image-preview:large","max-video-preview":"max-video-preview:-1"},"canonical":"https:\/\/www.victor.it\/fr\/politiques-sociales\/","og_locale":"fr_FR","og_type":"article","og_title":"Nos politiques sociales | Nastrificio Victor","og_description":"Les politiques sociales sont notre mani\u00e8re de d\u00e9montrer notre engagement en mati\u00e8re de sant\u00e9 et de s\u00e9curit\u00e9 des travailleurs, d'environnement et de soci\u00e9t\u00e9.","og_url":"https:\/\/www.victor.it\/fr\/politiques-sociales\/","og_site_name":"Nastrificio Victor","article_modified_time":"2026-03-10T15:14:43+00:00","og_image":[{"url":"https:\/\/www.victor.it\/wp-content\/uploads\/elementor\/thumbs\/Nastrificio_Victor_19-uai-1200x675-1-qzxxbpzk2ywphjqm44hq1lciuvmqm27oi1rd3c6hs8.jpg","type":"","width":"","height":""}],"twitter_card":"summary_large_image","twitter_misc":{"Dur\u00e9e de lecture estim\u00e9e":"2 minutes"},"schema":{"@context":"https:\/\/schema.org","@graph":[{"@type":"WebPage","@id":"https:\/\/www.victor.it\/fr\/politiques-sociales\/","url":"https:\/\/www.victor.it\/fr\/politiques-sociales\/","name":"Nos politiques sociales | Nastrificio Victor","isPartOf":{"@id":"https:\/\/www.victor.it\/fr\/#website"},"primaryImageOfPage":{"@id":"https:\/\/www.victor.it\/fr\/politiques-sociales\/#primaryimage"},"image":{"@id":"https:\/\/www.victor.it\/fr\/politiques-sociales\/#primaryimage"},"thumbnailUrl":"https:\/\/www.victor.it\/wp-content\/uploads\/elementor\/thumbs\/Nastrificio_Victor_19-uai-1200x675-1-qzxxbpzk2ywphjqm44hq1lciuvmqm27oi1rd3c6hs8.jpg","datePublished":"2024-03-21T15:37:30+00:00","dateModified":"2026-03-10T15:14:43+00:00","description":"Les politiques sociales sont notre mani\u00e8re de d\u00e9montrer notre engagement en mati\u00e8re de sant\u00e9 et de s\u00e9curit\u00e9 des travailleurs, d'environnement et de soci\u00e9t\u00e9.","breadcrumb":{"@id":"https:\/\/www.victor.it\/fr\/politiques-sociales\/#breadcrumb"},"inLanguage":"fr-FR","potentialAction":[{"@type":"ReadAction","target":["https:\/\/www.victor.it\/fr\/politiques-sociales\/"]}]},{"@type":"ImageObject","inLanguage":"fr-FR","@id":"https:\/\/www.victor.it\/fr\/politiques-sociales\/#primaryimage","url":"https:\/\/www.victor.it\/wp-content\/uploads\/elementor\/thumbs\/Nastrificio_Victor_19-uai-1200x675-1-qzxxbpzk2ywphjqm44hq1lciuvmqm27oi1rd3c6hs8.jpg","contentUrl":"https:\/\/www.victor.it\/wp-content\/uploads\/elementor\/thumbs\/Nastrificio_Victor_19-uai-1200x675-1-qzxxbpzk2ywphjqm44hq1lciuvmqm27oi1rd3c6hs8.jpg"},{"@type":"BreadcrumbList","@id":"https:\/\/www.victor.it\/fr\/politiques-sociales\/#breadcrumb","itemListElement":[{"@type":"ListItem","position":1,"name":"Home","item":"https:\/\/www.victor.it\/fr\/home-2\/"},{"@type":"ListItem","position":2,"name":"Politiques sociales"}]},{"@type":"WebSite","@id":"https:\/\/www.victor.it\/fr\/#website","url":"https:\/\/www.victor.it\/fr\/","name":"Nastrificio Victor","description":"Rubans, bandes, cordons, \u00e9lastiques, lacets pour la mode","potentialAction":[{"@type":"SearchAction","target":{"@type":"EntryPoint","urlTemplate":"https:\/\/www.victor.it\/fr\/?s={search_term_string}"},"query-input":{"@type":"PropertyValueSpecification","valueRequired":true,"valueName":"search_term_string"}}],"inLanguage":"fr-FR"}]}},"_links":{"self":[{"href":"https:\/\/www.victor.it\/fr\/wp-json\/wp\/v2\/pages\/100765","targetHints":{"allow":["GET"]}}],"collection":[{"href":"https:\/\/www.victor.it\/fr\/wp-json\/wp\/v2\/pages"}],"about":[{"href":"https:\/\/www.victor.it\/fr\/wp-json\/wp\/v2\/types\/page"}],"author":[{"embeddable":true,"href":"https:\/\/www.victor.it\/fr\/wp-json\/wp\/v2\/users\/1"}],"replies":[{"embeddable":true,"href":"https:\/\/www.victor.it\/fr\/wp-json\/wp\/v2\/comments?post=100765"}],"version-history":[{"count":1,"href":"https:\/\/www.victor.it\/fr\/wp-json\/wp\/v2\/pages\/100765\/revisions"}],"predecessor-version":[{"id":100766,"href":"https:\/\/www.victor.it\/fr\/wp-json\/wp\/v2\/pages\/100765\/revisions\/100766"}],"wp:attachment":[{"href":"https:\/\/www.victor.it\/fr\/wp-json\/wp\/v2\/media?parent=100765"}],"curies":[{"name":"wp","href":"https:\/\/api.w.org\/{rel}","templated":true}]}}