{"id":100767,"date":"2024-03-21T15:37:28","date_gmt":"2024-03-21T15:37:28","guid":{"rendered":"https:\/\/www.victor.it\/charity-2\/"},"modified":"2026-03-10T15:18:29","modified_gmt":"2026-03-10T15:18:29","slug":"charity-2","status":"publish","type":"page","link":"https:\/\/www.victor.it\/fr\/charity-2\/","title":{"rendered":"Charity"},"content":{"rendered":"\t\t<div data-elementor-type=\"wp-page\" data-elementor-id=\"100767\" class=\"elementor elementor-100767 elementor-47\" data-elementor-post-type=\"page\">\n\t\t\t\t<div class=\"elementor-element elementor-element-1b73f27 e-con-full e-flex e-con e-parent\" data-id=\"1b73f27\" data-element_type=\"container\" data-e-type=\"container\">\n\t\t<div class=\"elementor-element elementor-element-097f5c0 e-con-full e-flex e-con e-child\" data-id=\"097f5c0\" data-element_type=\"container\" data-e-type=\"container\">\n\t\t\t\t<div class=\"elementor-element elementor-element-cc3971e elementor-widget elementor-widget-heading\" data-id=\"cc3971e\" data-element_type=\"widget\" data-e-type=\"widget\" data-widget_type=\"heading.default\">\n\t\t\t\t<div class=\"elementor-widget-container\">\n\t\t\t\t\t<h2 class=\"elementor-heading-title elementor-size-default\">charity<\/h2>\t\t\t\t<\/div>\n\t\t\t\t<\/div>\n\t\t\t\t<div class=\"elementor-element elementor-element-c3d3821 elementor-widget elementor-widget-heading\" data-id=\"c3d3821\" data-element_type=\"widget\" data-e-type=\"widget\" data-widget_type=\"heading.default\">\n\t\t\t\t<div class=\"elementor-widget-container\">\n\t\t\t\t\t<h1 class=\"elementor-heading-title elementor-size-default\">Les associations et les projets que nous soutenons<\/h1>\t\t\t\t<\/div>\n\t\t\t\t<\/div>\n\t\t\t\t<div class=\"elementor-element elementor-element-096b43d elementor-widget elementor-widget-text-editor\" data-id=\"096b43d\" data-element_type=\"widget\" data-e-type=\"widget\" data-widget_type=\"text-editor.default\">\n\t\t\t\t<div class=\"elementor-widget-container\">\n\t\t\t\t\t\t\t\t\tNous sommes tr\u00e8s fiers de collaborer avec des associations \u00e0 but non lucratif afin de soutenir des projets d\u2019inclusion sociale et de sant\u00e9. Car entreprendre n\u2019est pas seulement une question de profits, c\u2019est aussi une responsabilit\u00e9 sociale. \t\t\t\t\t\t\t\t<\/div>\n\t\t\t\t<\/div>\n\t\t\t\t<\/div>\n\t\t\t\t<\/div>\n\t\t<div class=\"elementor-element elementor-element-089cdb8 e-con-full e-flex e-con e-child\" data-id=\"089cdb8\" data-element_type=\"container\" data-e-type=\"container\">\n\t\t\t\t<div class=\"elementor-element elementor-element-a661ee9 elementor-widget elementor-widget-spacer\" data-id=\"a661ee9\" data-element_type=\"widget\" data-e-type=\"widget\" data-widget_type=\"spacer.default\">\n\t\t\t\t<div class=\"elementor-widget-container\">\n\t\t\t\t\t\t\t<div class=\"elementor-spacer\">\n\t\t\t<div class=\"elementor-spacer-inner\"><\/div>\n\t\t<\/div>\n\t\t\t\t\t\t<\/div>\n\t\t\t\t<\/div>\n\t\t<div class=\"elementor-element elementor-element-545a368 e-con-full e-flex e-con e-child\" data-id=\"545a368\" data-element_type=\"container\" data-e-type=\"container\">\n\t\t<div class=\"elementor-element elementor-element-af308e9 e-con-full e-flex e-con e-child\" data-id=\"af308e9\" data-element_type=\"container\" data-e-type=\"container\">\n\t\t\t\t<div class=\"elementor-element elementor-element-cdd957e elementor-widget elementor-widget-image\" data-id=\"cdd957e\" data-element_type=\"widget\" data-e-type=\"widget\" data-widget_type=\"image.default\">\n\t\t\t\t<div class=\"elementor-widget-container\">\n\t\t\t\t\t\t\t\t\t\t\t\t\t\t\t<img decoding=\"async\" src=\"https:\/\/www.victor.it\/wp-content\/uploads\/elementor\/thumbs\/ULSS_9_logo-remy1msyjtx2lsm55skcer8c7oy8qp65lu05pyn1ww.avif\" title=\"ULSS_9_logo\" alt=\"ULSS_9_logo\" loading=\"lazy\" \/>\t\t\t\t\t\t\t\t\t\t\t\t\t\t\t<\/div>\n\t\t\t\t<\/div>\n\t\t<div class=\"elementor-element elementor-element-a18feb8 e-con-full e-flex e-con e-child\" data-id=\"a18feb8\" data-element_type=\"container\" data-e-type=\"container\">\n\t\t\t\t<div class=\"elementor-element elementor-element-8d1a4bc elementor-widget elementor-widget-heading\" data-id=\"8d1a4bc\" data-element_type=\"widget\" data-e-type=\"widget\" data-widget_type=\"heading.default\">\n\t\t\t\t<div class=\"elementor-widget-container\">\n\t\t\t\t\t<h3 class=\"elementor-heading-title elementor-size-default\">AULSS 9 Scaligera<\/h3>\t\t\t\t<\/div>\n\t\t\t\t<\/div>\n\t\t\t\t<div class=\"elementor-element elementor-element-33d7763 elementor-widget elementor-widget-text-editor\" data-id=\"33d7763\" data-element_type=\"widget\" data-e-type=\"widget\" data-widget_type=\"text-editor.default\">\n\t\t\t\t<div class=\"elementor-widget-container\">\n\t\t\t\t\t\t\t\t\t<p>Nastrificio Victor Spa contribue au projet de l&rsquo;AULSS 9 Scaligera \u00ab Interventions habilitantes m\u00e9di\u00e9es par la technologie dans les troubles du spectre autistique \u00bb, un projet triennal (2025-2027) \u00e0 la pointe de la technologie, qui met la technologie, en particulier la communication augmentative et alternative (CAA), au service des personnes atteintes de troubles du spectre autistique.<\/p>\t\t\t\t\t\t\t\t<\/div>\n\t\t\t\t<\/div>\n\t\t\t\t<\/div>\n\t\t\t\t<\/div>\n\t\t<div class=\"elementor-element elementor-element-9a487cb e-con-full e-flex e-con e-child\" data-id=\"9a487cb\" data-element_type=\"container\" data-e-type=\"container\">\n\t\t\t\t<div class=\"elementor-element elementor-element-13703b8 elementor-widget elementor-widget-image\" data-id=\"13703b8\" data-element_type=\"widget\" data-e-type=\"widget\" data-widget_type=\"image.default\">\n\t\t\t\t<div class=\"elementor-widget-container\">\n\t\t\t\t\t\t\t\t\t\t\t\t\t\t\t<img decoding=\"async\" src=\"https:\/\/www.victor.it\/wp-content\/uploads\/elementor\/thumbs\/347124738_225052243596097_3083368482517499948_n-qzxxbpz5gpmw579ji4xnl12besxt9jcfnu55mzagz4.jpg\" title=\"347124738_225052243596097_3083368482517499948_n\" alt=\"347124738_225052243596097_3083368482517499948_n\" loading=\"lazy\" \/>\t\t\t\t\t\t\t\t\t\t\t\t\t\t\t<\/div>\n\t\t\t\t<\/div>\n\t\t<div class=\"elementor-element elementor-element-77aeaa8 e-con-full e-flex e-con e-child\" data-id=\"77aeaa8\" data-element_type=\"container\" data-e-type=\"container\">\n\t\t\t\t<div class=\"elementor-element elementor-element-00153a4 elementor-widget elementor-widget-heading\" data-id=\"00153a4\" data-element_type=\"widget\" data-e-type=\"widget\" data-widget_type=\"heading.default\">\n\t\t\t\t<div class=\"elementor-widget-container\">\n\t\t\t\t\t<h3 class=\"elementor-heading-title elementor-size-default\">I Bambini delle Fate pour l\u2019inclusion sociale<\/h3>\t\t\t\t<\/div>\n\t\t\t\t<\/div>\n\t\t\t\t<div class=\"elementor-element elementor-element-2fb2c90 elementor-widget elementor-widget-text-editor\" data-id=\"2fb2c90\" data-element_type=\"widget\" data-e-type=\"widget\" data-widget_type=\"text-editor.default\">\n\t\t\t\t<div class=\"elementor-widget-container\">\n\t\t\t\t\t\t\t\t\t<p>I Bambini delle Fate est une entreprise sociale qui, depuis 2005, apporte un soutien financier \u00e0 des projets et des parcours d\u2019inclusion sociale. Ces initiatives, g\u00e9r\u00e9es par des partenaires locaux, viennent en aide aux familles touch\u00e9es par l\u2019autisme ou d\u2019autres formes de handicap.<\/p>\t\t\t\t\t\t\t\t<\/div>\n\t\t\t\t<\/div>\n\t\t\t\t<div class=\"elementor-element elementor-element-2b2b3ec elementor-widget elementor-widget-button\" data-id=\"2b2b3ec\" data-element_type=\"widget\" data-e-type=\"widget\" data-widget_type=\"button.default\">\n\t\t\t\t<div class=\"elementor-widget-container\">\n\t\t\t\t\t\t\t\t\t<div class=\"elementor-button-wrapper\">\n\t\t\t\t\t<a class=\"elementor-button elementor-button-link elementor-size-sm elementor-animation-float\" href=\"https:\/\/ibambinidellefate.it\/\" target=\"_blank\" rel=\"nofollow\">\n\t\t\t\t\t\t<span class=\"elementor-button-content-wrapper\">\n\t\t\t\t\t\t\t\t\t<span class=\"elementor-button-text\">en savoir plus<\/span>\n\t\t\t\t\t<\/span>\n\t\t\t\t\t<\/a>\n\t\t\t\t<\/div>\n\t\t\t\t\t\t\t\t<\/div>\n\t\t\t\t<\/div>\n\t\t\t\t<\/div>\n\t\t\t\t<\/div>\n\t\t<div class=\"elementor-element elementor-element-694b362 e-con-full e-flex e-con e-child\" data-id=\"694b362\" data-element_type=\"container\" data-e-type=\"container\">\n\t\t\t\t<div class=\"elementor-element elementor-element-93c8cd1 elementor-widget elementor-widget-image\" data-id=\"93c8cd1\" data-element_type=\"widget\" data-e-type=\"widget\" data-widget_type=\"image.default\">\n\t\t\t\t<div class=\"elementor-widget-container\">\n\t\t\t\t\t\t\t\t\t\t\t\t\t\t\t<img decoding=\"async\" src=\"https:\/\/www.victor.it\/wp-content\/uploads\/elementor\/thumbs\/Sosteniamo-Insegnando-Nastrificio-Victor-qzxxbpz5gpmw579ji4xnl12besxt9jcfnu55mzagz4.jpg\" title=\"Sosteniamo-Insegnando-Nastrificio-Victor\" alt=\"Sosteniamo-Insegnando-Nastrificio-Victor\" loading=\"lazy\" \/>\t\t\t\t\t\t\t\t\t\t\t\t\t\t\t<\/div>\n\t\t\t\t<\/div>\n\t\t<div class=\"elementor-element elementor-element-4fb3ed8 e-con-full e-flex e-con e-child\" data-id=\"4fb3ed8\" data-element_type=\"container\" data-e-type=\"container\">\n\t\t\t\t<div class=\"elementor-element elementor-element-48ca56f elementor-widget elementor-widget-heading\" data-id=\"48ca56f\" data-element_type=\"widget\" data-e-type=\"widget\" data-widget_type=\"heading.default\">\n\t\t\t\t<div class=\"elementor-widget-container\">\n\t\t\t\t\t<h3 class=\"elementor-heading-title elementor-size-default\">Associazione Sosteniamo Insegnando<\/h3>\t\t\t\t<\/div>\n\t\t\t\t<\/div>\n\t\t\t\t<div class=\"elementor-element elementor-element-beba40a elementor-widget elementor-widget-text-editor\" data-id=\"beba40a\" data-element_type=\"widget\" data-e-type=\"widget\" data-widget_type=\"text-editor.default\">\n\t\t\t\t<div class=\"elementor-widget-container\">\n\t\t\t\t\t\t\t\t\t<p>Notre association promeut et r\u00e9alise des projets dans des pays d\u00e9favoris\u00e9s d\u2019Afrique afin de transmettre un m\u00e9tier \u00e0 des jeunes de plus de 18 ans. <span style=\"color: var( --e-global-color-text ); font-family: var( --e-global-typography-text-font-family ), Sans-serif; font-size: var( --e-global-typography-text-font-size ); font-weight: var( --e-global-typography-text-font-weight ); letter-spacing: var( --e-global-typography-text-letter-spacing ); text-align: var(--text-align);\">Depuis environ 20 ans, nous nous rendons chaque ann\u00e9e au Kenya. Nous y avons construit des puits d\u2019eau, aid\u00e9 des enfants gr\u00e2ce \u00e0 des parrainages \u00e0 distance, ainsi que des personnes \u00e2g\u00e9es en leur fournissant des vivres et d\u2019autres produits. Nous sommes actuellement pr\u00e9sents \u00e0 Nyahururu, une petite ville situ\u00e9e \u00e0 environ 200 km au nord de Nairobi, sur un plateau \u00e0 2 400 m\u00e8tres d\u2019altitude. <\/span><\/p>\t\t\t\t\t\t\t\t<\/div>\n\t\t\t\t<\/div>\n\t\t\t\t<div class=\"elementor-element elementor-element-f4b3380 elementor-widget elementor-widget-button\" data-id=\"f4b3380\" data-element_type=\"widget\" data-e-type=\"widget\" data-widget_type=\"button.default\">\n\t\t\t\t<div class=\"elementor-widget-container\">\n\t\t\t\t\t\t\t\t\t<div class=\"elementor-button-wrapper\">\n\t\t\t\t\t<a class=\"elementor-button elementor-button-link elementor-size-sm elementor-animation-float\" href=\"https:\/\/www.facebook.com\/SosteniamoInsegnando\/?locale=it_IT\" target=\"_blank\" rel=\"nofollow\">\n\t\t\t\t\t\t<span class=\"elementor-button-content-wrapper\">\n\t\t\t\t\t\t\t\t\t<span class=\"elementor-button-text\">en savoir plus<\/span>\n\t\t\t\t\t<\/span>\n\t\t\t\t\t<\/a>\n\t\t\t\t<\/div>\n\t\t\t\t\t\t\t\t<\/div>\n\t\t\t\t<\/div>\n\t\t\t\t<\/div>\n\t\t\t\t<\/div>\n\t\t<div class=\"elementor-element elementor-element-ffb6c5c e-con-full e-flex e-con e-child\" data-id=\"ffb6c5c\" data-element_type=\"container\" data-e-type=\"container\">\n\t\t\t\t<div class=\"elementor-element elementor-element-f04961a elementor-widget elementor-widget-image\" data-id=\"f04961a\" data-element_type=\"widget\" data-e-type=\"widget\" data-widget_type=\"image.default\">\n\t\t\t\t<div class=\"elementor-widget-container\">\n\t\t\t\t\t\t\t\t\t\t\t\t\t\t\t<img decoding=\"async\" src=\"https:\/\/www.victor.it\/wp-content\/uploads\/elementor\/thumbs\/Fondazione-Benedetta-DIntino-Onlus-qzxxbqwznjo6gt86cnca5its06t6h8g5zysn4992sw.png\" title=\"Fondazione Benedetta D\u2019Intino Onlus\" alt=\"Fondazione Benedetta D\u2019Intino Onlus\" loading=\"lazy\" \/>\t\t\t\t\t\t\t\t\t\t\t\t\t\t\t<\/div>\n\t\t\t\t<\/div>\n\t\t<div class=\"elementor-element elementor-element-ec64b2b e-con-full e-flex e-con e-child\" data-id=\"ec64b2b\" data-element_type=\"container\" data-e-type=\"container\">\n\t\t\t\t<div class=\"elementor-element elementor-element-d38aa96 elementor-widget elementor-widget-heading\" data-id=\"d38aa96\" data-element_type=\"widget\" data-e-type=\"widget\" data-widget_type=\"heading.default\">\n\t\t\t\t<div class=\"elementor-widget-container\">\n\t\t\t\t\t<h3 class=\"elementor-heading-title elementor-size-default\">Fondazione Benedetta D\u2019Intino Onlus<\/h3>\t\t\t\t<\/div>\n\t\t\t\t<\/div>\n\t\t\t\t<div class=\"elementor-element elementor-element-53ab423 elementor-widget elementor-widget-text-editor\" data-id=\"53ab423\" data-element_type=\"widget\" data-e-type=\"widget\" data-widget_type=\"text-editor.default\">\n\t\t\t\t<div class=\"elementor-widget-container\">\n\t\t\t\t\t\t\t\t\t<p>La Fondazione Benedetta D\u2019Intino a pour mission d\u2019am\u00e9liorer la qualit\u00e9 de vie des enfants souffrant de troubles psychophysiques en Italie et dans le monde, en favorisant par tous les moyens leur prise en charge, leur assistance et leur int\u00e9gration dans les familles et la soci\u00e9t\u00e9. <span style=\"color: var( --e-global-color-text ); font-family: var( --e-global-typography-text-font-family ), Sans-serif; font-size: var( --e-global-typography-text-font-size ); font-weight: var( --e-global-typography-text-font-weight ); letter-spacing: var( --e-global-typography-text-letter-spacing ); text-align: var(--text-align);\">\u00c0 ce jour, on compte chaque ann\u00e9e plus de 3 500 interventions de soutien psychologique aupr\u00e8s d\u2019enfants, d\u2019adolescents et de parents, et plus de 1 800 interventions de communication am\u00e9lior\u00e9e et alternative aupr\u00e8s d\u2019enfants provenant de toute l\u2019Italie. Chaque prise en charge repose sur l\u2019analyse du contexte de vie des enfants par des professionnels ayant une formation sp\u00e9cifique et une longue exp\u00e9rience dans le traitement des troubles psychophysiques et du handicap. Le Centro Benedetta D\u2019Intino Onlus lance un v\u00e9ritable d\u00e9fi culturel en faveur de la pr\u00e9cocit\u00e9 de l\u2019intervention.  <\/span><\/p>\t\t\t\t\t\t\t\t<\/div>\n\t\t\t\t<\/div>\n\t\t\t\t<div class=\"elementor-element elementor-element-370264a elementor-widget elementor-widget-button\" data-id=\"370264a\" data-element_type=\"widget\" data-e-type=\"widget\" data-widget_type=\"button.default\">\n\t\t\t\t<div class=\"elementor-widget-container\">\n\t\t\t\t\t\t\t\t\t<div class=\"elementor-button-wrapper\">\n\t\t\t\t\t<a class=\"elementor-button elementor-button-link elementor-size-sm elementor-animation-float\" href=\"https:\/\/www.benedettadintino.it\/\" target=\"_blank\" rel=\"nofollow\">\n\t\t\t\t\t\t<span class=\"elementor-button-content-wrapper\">\n\t\t\t\t\t\t\t\t\t<span class=\"elementor-button-text\">en savoir plus<\/span>\n\t\t\t\t\t<\/span>\n\t\t\t\t\t<\/a>\n\t\t\t\t<\/div>\n\t\t\t\t\t\t\t\t<\/div>\n\t\t\t\t<\/div>\n\t\t\t\t<\/div>\n\t\t\t\t<\/div>\n\t\t<div class=\"elementor-element elementor-element-d5ef4ed e-con-full e-flex e-con e-child\" data-id=\"d5ef4ed\" data-element_type=\"container\" data-e-type=\"container\">\n\t\t\t\t<div class=\"elementor-element elementor-element-1262da9 elementor-widget elementor-widget-image\" data-id=\"1262da9\" data-element_type=\"widget\" data-e-type=\"widget\" data-widget_type=\"image.default\">\n\t\t\t\t<div class=\"elementor-widget-container\">\n\t\t\t\t\t\t\t\t\t\t\t\t\t\t\t<img decoding=\"async\" src=\"https:\/\/www.victor.it\/wp-content\/uploads\/elementor\/thumbs\/Novella-qzxxbqwznjo6gt86cnca5its06t6h8g5zysn4992sw.jpg\" title=\"Novella\" alt=\"Novella\" loading=\"lazy\" \/>\t\t\t\t\t\t\t\t\t\t\t\t\t\t\t<\/div>\n\t\t\t\t<\/div>\n\t\t<div class=\"elementor-element elementor-element-11c429e e-con-full e-flex e-con e-child\" data-id=\"11c429e\" data-element_type=\"container\" data-e-type=\"container\">\n\t\t\t\t<div class=\"elementor-element elementor-element-b84c502 elementor-widget elementor-widget-heading\" data-id=\"b84c502\" data-element_type=\"widget\" data-e-type=\"widget\" data-widget_type=\"heading.default\">\n\t\t\t\t<div class=\"elementor-widget-container\">\n\t\t\t\t\t<h3 class=\"elementor-heading-title elementor-size-default\">Fondazione Novella Fronda Onlus Salute del Cervello<\/h3>\t\t\t\t<\/div>\n\t\t\t\t<\/div>\n\t\t\t\t<div class=\"elementor-element elementor-element-b5cac8c elementor-widget elementor-widget-text-editor\" data-id=\"b5cac8c\" data-element_type=\"widget\" data-e-type=\"widget\" data-widget_type=\"text-editor.default\">\n\t\t\t\t<div class=\"elementor-widget-container\">\n\t\t\t\t\t\t\t\t\t<p>L\u2019obiettivo della Fondazione \u00e8 quello di promuovere la conoscenza, attraverso qualificate ricerche scientifiche, di alcune tra le pi\u00f9 diffuse patologie cerebrali che colpiscono la popolazione generale. <span style=\"color: var( --e-global-color-text ); font-family: var( --e-global-typography-text-font-family ), Sans-serif; font-size: var( --e-global-typography-text-font-size ); font-weight: var( --e-global-typography-text-font-weight ); letter-spacing: var( --e-global-typography-text-letter-spacing ); text-align: var(--text-align);\">Enfants et adolescents : troubles de nature cognitive, usage ou d\u00e9pendance aux substances (alcool, tabac, haschisch, coca\u00efne et autres) et troubles du comportement (addiction aux jeux d\u2019argent et de hasard, cyberd\u00e9pendance aux smartphones, aux jeux vid\u00e9o et autres). Adultes : d\u00e9pendances aux substances et d\u00e9pendances comportementales. <\/span><\/p>\t\t\t\t\t\t\t\t<\/div>\n\t\t\t\t<\/div>\n\t\t\t\t<div class=\"elementor-element elementor-element-ed6683d elementor-widget elementor-widget-button\" data-id=\"ed6683d\" data-element_type=\"widget\" data-e-type=\"widget\" data-widget_type=\"button.default\">\n\t\t\t\t<div class=\"elementor-widget-container\">\n\t\t\t\t\t\t\t\t\t<div class=\"elementor-button-wrapper\">\n\t\t\t\t\t<a class=\"elementor-button elementor-button-link elementor-size-sm elementor-animation-float\" href=\"https:\/\/fondazionenovellafronda.it\/\" target=\"_blank\" rel=\"nofollow\">\n\t\t\t\t\t\t<span class=\"elementor-button-content-wrapper\">\n\t\t\t\t\t\t\t\t\t<span class=\"elementor-button-text\">en savoir plus<\/span>\n\t\t\t\t\t<\/span>\n\t\t\t\t\t<\/a>\n\t\t\t\t<\/div>\n\t\t\t\t\t\t\t\t<\/div>\n\t\t\t\t<\/div>\n\t\t\t\t<\/div>\n\t\t\t\t<\/div>\n\t\t<div class=\"elementor-element elementor-element-d2c88bb e-con-full e-flex e-con e-child\" data-id=\"d2c88bb\" data-element_type=\"container\" data-e-type=\"container\">\n\t\t\t\t<div class=\"elementor-element elementor-element-d56914c elementor-widget elementor-widget-image\" data-id=\"d56914c\" data-element_type=\"widget\" data-e-type=\"widget\" data-widget_type=\"image.default\">\n\t\t\t\t<div class=\"elementor-widget-container\">\n\t\t\t\t\t\t\t\t\t\t\t\t\t\t\t<img decoding=\"async\" src=\"https:\/\/www.victor.it\/wp-content\/uploads\/elementor\/thumbs\/170077228_4008775919188005_466398705090506599_n-qzxxbqwznjo6gt86cnca5its06t6h8g5zysn4992sw.jpg\" title=\"170077228_4008775919188005_466398705090506599_n\" alt=\"170077228_4008775919188005_466398705090506599_n\" loading=\"lazy\" \/>\t\t\t\t\t\t\t\t\t\t\t\t\t\t\t<\/div>\n\t\t\t\t<\/div>\n\t\t<div class=\"elementor-element elementor-element-4224db5 e-con-full e-flex e-con e-child\" data-id=\"4224db5\" data-element_type=\"container\" data-e-type=\"container\">\n\t\t\t\t<div class=\"elementor-element elementor-element-85ba643 elementor-widget elementor-widget-heading\" data-id=\"85ba643\" data-element_type=\"widget\" data-e-type=\"widget\" data-widget_type=\"heading.default\">\n\t\t\t\t<div class=\"elementor-widget-container\">\n\t\t\t\t\t<h3 class=\"elementor-heading-title elementor-size-default\">Fondazione Ricerca Biomedica Avanzata Onlus<\/h3>\t\t\t\t<\/div>\n\t\t\t\t<\/div>\n\t\t\t\t<div class=\"elementor-element elementor-element-8e1a5c3 elementor-widget elementor-widget-text-editor\" data-id=\"8e1a5c3\" data-element_type=\"widget\" data-e-type=\"widget\" data-widget_type=\"text-editor.default\">\n\t\t\t\t<div class=\"elementor-widget-container\">\n\t\t\t\t\t\t\t\t\t<p>La fondation repr\u00e9sente aujourd\u2019hui l\u2019un des p\u00f4les d\u2019excellence au niveau international pour la recherche men\u00e9e dans le domaine de la biologie cellulaire et mol\u00e9culaire. <span style=\"color: var( --e-global-color-text ); font-family: var( --e-global-typography-text-font-family ), Sans-serif; font-size: var( --e-global-typography-text-font-size ); font-weight: var( --e-global-typography-text-font-weight ); letter-spacing: var( --e-global-typography-text-letter-spacing ); text-align: var(--text-align);\">Gr\u00e2ce \u00e0 une politique active de partenariat avec l\u2019universit\u00e9 de Padoue, l\u2019h\u00f4pital universitaire et les acteurs priv\u00e9s de premier plan, la fondation se veut un moteur de croissance scientifique, culturelle, \u00e9conomique et sociale pour le territoire. Le fil conducteur des projets de recherche est l\u2019\u00e9tude des signaux cellulaires (signalling). Comprendre les m\u00e9canismes par lesquels les cellules communiquent entre elles est primordial pour identifier les causes de nombreuses maladies aujourd\u2019hui incurables et mettre ainsi au point de nouvelles strat\u00e9gies th\u00e9rapeutiques.  <\/span><\/p>\t\t\t\t\t\t\t\t<\/div>\n\t\t\t\t<\/div>\n\t\t\t\t<div class=\"elementor-element elementor-element-f3160f4 elementor-widget elementor-widget-button\" data-id=\"f3160f4\" data-element_type=\"widget\" data-e-type=\"widget\" data-widget_type=\"button.default\">\n\t\t\t\t<div class=\"elementor-widget-container\">\n\t\t\t\t\t\t\t\t\t<div class=\"elementor-button-wrapper\">\n\t\t\t\t\t<a class=\"elementor-button elementor-button-link elementor-size-sm elementor-animation-float\" href=\"https:\/\/www.fondbiomed.it\/\" target=\"_blank\" rel=\"nofollow\">\n\t\t\t\t\t\t<span class=\"elementor-button-content-wrapper\">\n\t\t\t\t\t\t\t\t\t<span class=\"elementor-button-text\">en savoir plus<\/span>\n\t\t\t\t\t<\/span>\n\t\t\t\t\t<\/a>\n\t\t\t\t<\/div>\n\t\t\t\t\t\t\t\t<\/div>\n\t\t\t\t<\/div>\n\t\t\t\t<\/div>\n\t\t\t\t<\/div>\n\t\t<div class=\"elementor-element elementor-element-e1bcccc e-con-full e-flex e-con e-child\" data-id=\"e1bcccc\" data-element_type=\"container\" data-e-type=\"container\">\n\t\t\t\t<div class=\"elementor-element elementor-element-008542f elementor-widget elementor-widget-image\" data-id=\"008542f\" data-element_type=\"widget\" data-e-type=\"widget\" data-widget_type=\"image.default\">\n\t\t\t\t<div class=\"elementor-widget-container\">\n\t\t\t\t\t\t\t\t\t\t\t\t\t\t\t<img decoding=\"async\" src=\"https:\/\/www.victor.it\/wp-content\/uploads\/elementor\/thumbs\/78546041_2735089006512751_215345013066825728_n-qzxxbqwznjo6gt86cnca5its06t6h8g5zysn4992sw.jpg\" title=\"78546041_2735089006512751_215345013066825728_n\" alt=\"78546041_2735089006512751_215345013066825728_n\" loading=\"lazy\" \/>\t\t\t\t\t\t\t\t\t\t\t\t\t\t\t<\/div>\n\t\t\t\t<\/div>\n\t\t<div class=\"elementor-element elementor-element-bce7d43 e-con-full e-flex e-con e-child\" data-id=\"bce7d43\" data-element_type=\"container\" data-e-type=\"container\">\n\t\t\t\t<div class=\"elementor-element elementor-element-4332333 elementor-widget elementor-widget-heading\" data-id=\"4332333\" data-element_type=\"widget\" data-e-type=\"widget\" data-widget_type=\"heading.default\">\n\t\t\t\t<div class=\"elementor-widget-container\">\n\t\t\t\t\t<h3 class=\"elementor-heading-title elementor-size-default\"> De Leo Fund Onlus<\/h3>\t\t\t\t<\/div>\n\t\t\t\t<\/div>\n\t\t\t\t<div class=\"elementor-element elementor-element-dfd40ff elementor-widget elementor-widget-text-editor\" data-id=\"dfd40ff\" data-element_type=\"widget\" data-e-type=\"widget\" data-widget_type=\"text-editor.default\">\n\t\t\t\t<div class=\"elementor-widget-container\">\n\t\t\t\t\t\t\t\t\t<p>Nous souhaitons accueillir et accompagner tout particuli\u00e8rement tous ceux qui font face \u00e0 l\u2019immense douleur d\u2019une perte traumatique. <span style=\"color: var( --e-global-color-text ); font-family: var( --e-global-typography-text-font-family ), Sans-serif; font-size: var( --e-global-typography-text-font-size ); font-weight: var( --e-global-typography-text-font-weight ); letter-spacing: var( --e-global-typography-text-letter-spacing ); text-align: var(--text-align);\">La De Leo Fund est une organisation \u00e0 but non lucratif fond\u00e9e en 2007 par Cristina et Diego De Leo avec Federica Zoppellaro et Arianna Caldon. Notre mission est de soutenir la condition humaine, existentielle et psychologique de toutes les personnes qui ont subi un deuil traumatique (accidents de la route ou du travail, suicide, homicide, catastrophes naturelles, erreurs humaines). Nous avons entrepris ce chemin avec la ferme conviction qu\u2019il est b\u00e9n\u00e9fique de partager les histoires, les souvenirs, les exp\u00e9riences et les sentiments entre ceux qui traversent une m\u00eame souffrance. Le travail de deuil est le processus qui permet de trouver le chemin pour int\u00e9grer les souvenirs de l\u2019\u00eatre cher \u00e0 l\u2019h\u00e9ritage d\u2019\u00e9motions et d\u2019exp\u00e9riences qu\u2019il nous a laiss\u00e9. De cette mani\u00e8re, avec le temps, la perte peut devenir moins douloureuse.    <\/span><\/p>\t\t\t\t\t\t\t\t<\/div>\n\t\t\t\t<\/div>\n\t\t\t\t<div class=\"elementor-element elementor-element-3d798ac elementor-widget elementor-widget-button\" data-id=\"3d798ac\" data-element_type=\"widget\" data-e-type=\"widget\" data-widget_type=\"button.default\">\n\t\t\t\t<div class=\"elementor-widget-container\">\n\t\t\t\t\t\t\t\t\t<div class=\"elementor-button-wrapper\">\n\t\t\t\t\t<a class=\"elementor-button elementor-button-link elementor-size-sm elementor-animation-float\" href=\"https:\/\/www.deleofund.org\/\" target=\"_blank\" rel=\"nofollow\">\n\t\t\t\t\t\t<span class=\"elementor-button-content-wrapper\">\n\t\t\t\t\t\t\t\t\t<span class=\"elementor-button-text\">en savoir plus<\/span>\n\t\t\t\t\t<\/span>\n\t\t\t\t\t<\/a>\n\t\t\t\t<\/div>\n\t\t\t\t\t\t\t\t<\/div>\n\t\t\t\t<\/div>\n\t\t\t\t<\/div>\n\t\t\t\t<\/div>\n\t\t<div class=\"elementor-element elementor-element-a4f02c7 e-con-full e-flex e-con e-child\" data-id=\"a4f02c7\" data-element_type=\"container\" data-e-type=\"container\">\n\t\t\t\t<div class=\"elementor-element elementor-element-1508c09 elementor-widget elementor-widget-image\" data-id=\"1508c09\" data-element_type=\"widget\" data-e-type=\"widget\" data-widget_type=\"image.default\">\n\t\t\t\t<div class=\"elementor-widget-container\">\n\t\t\t\t\t\t\t\t\t\t\t\t\t\t\t<img decoding=\"async\" src=\"https:\/\/www.victor.it\/wp-content\/uploads\/elementor\/thumbs\/magnolia-qzxxbqwznjo6gt86cnca5its06t6h8g5zysn4992sw.jpg\" title=\"magnolia\" alt=\"magnolia\" loading=\"lazy\" \/>\t\t\t\t\t\t\t\t\t\t\t\t\t\t\t<\/div>\n\t\t\t\t<\/div>\n\t\t<div class=\"elementor-element elementor-element-a3b917b e-con-full e-flex e-con e-child\" data-id=\"a3b917b\" data-element_type=\"container\" data-e-type=\"container\">\n\t\t\t\t<div class=\"elementor-element elementor-element-d833ef0 elementor-widget elementor-widget-heading\" data-id=\"d833ef0\" data-element_type=\"widget\" data-e-type=\"widget\" data-widget_type=\"heading.default\">\n\t\t\t\t<div class=\"elementor-widget-container\">\n\t\t\t\t\t<h3 class=\"elementor-heading-title elementor-size-default\">Cooperativa Sociale Magnolia<\/h3>\t\t\t\t<\/div>\n\t\t\t\t<\/div>\n\t\t\t\t<div class=\"elementor-element elementor-element-062841d elementor-widget elementor-widget-text-editor\" data-id=\"062841d\" data-element_type=\"widget\" data-e-type=\"widget\" data-widget_type=\"text-editor.default\">\n\t\t\t\t<div class=\"elementor-widget-container\">\n\t\t\t\t\t\t\t\t\t<p>Magnolia est une coop\u00e9rative qui g\u00e8re quatre services m\u00e9dicaux sociaux et \u00e9ducatifs destin\u00e9s aux adultes pr\u00e9sentant des handicaps physiques, cognitifs et psycho-sensoriels. <span style=\"color: var( --e-global-color-text ); font-family: var( --e-global-typography-text-font-family ), Sans-serif; font-size: var( --e-global-typography-text-font-size ); font-weight: var( --e-global-typography-text-font-weight ); letter-spacing: var( --e-global-typography-text-letter-spacing ); text-align: var(--text-align);\">\u00c0 ce jour, trois centres d\u2019accueil de jour et un foyer d\u2019h\u00e9bergement accueillent au total pr\u00e8s de 80 personnes. Le c\u0153ur de notre mission est la prise en charge du projet personnalis\u00e9, renouvel\u00e9 chaque ann\u00e9e afin de r\u00e9pondre durablement aux besoins sp\u00e9cifiques de chaque personne accompagn\u00e9e. Les activit\u00e9s de jour, selon le service, vont au-del\u00e0 d&rsquo;une simple approche par l\u2019activit\u00e9 occupationnelle. Diff\u00e9rents ateliers sont ainsi propos\u00e9s : d\u00e9coration sur c\u00e9ramique, poterie, assemblage (en collaboration avec des entreprises externes), petite menuiserie, ainsi que l\u2019entretien de petites plantes et de fleurs sous serre.  <\/span><\/p>\t\t\t\t\t\t\t\t<\/div>\n\t\t\t\t<\/div>\n\t\t\t\t<div class=\"elementor-element elementor-element-aade16d elementor-widget elementor-widget-button\" data-id=\"aade16d\" data-element_type=\"widget\" data-e-type=\"widget\" data-widget_type=\"button.default\">\n\t\t\t\t<div class=\"elementor-widget-container\">\n\t\t\t\t\t\t\t\t\t<div class=\"elementor-button-wrapper\">\n\t\t\t\t\t<a class=\"elementor-button elementor-button-link elementor-size-sm elementor-animation-float\" href=\"https:\/\/www.coopmagnolia.it\/\" target=\"_blank\" rel=\"nofollow\">\n\t\t\t\t\t\t<span class=\"elementor-button-content-wrapper\">\n\t\t\t\t\t\t\t\t\t<span class=\"elementor-button-text\">en savoir plus<\/span>\n\t\t\t\t\t<\/span>\n\t\t\t\t\t<\/a>\n\t\t\t\t<\/div>\n\t\t\t\t\t\t\t\t<\/div>\n\t\t\t\t<\/div>\n\t\t\t\t<\/div>\n\t\t\t\t<\/div>\n\t\t<div class=\"elementor-element elementor-element-96755de e-con-full e-flex e-con e-child\" data-id=\"96755de\" data-element_type=\"container\" data-e-type=\"container\">\n\t\t\t\t<div class=\"elementor-element elementor-element-d84b7cb elementor-widget elementor-widget-image\" data-id=\"d84b7cb\" data-element_type=\"widget\" data-e-type=\"widget\" data-widget_type=\"image.default\">\n\t\t\t\t<div class=\"elementor-widget-container\">\n\t\t\t\t\t\t\t\t\t\t\t\t\t\t\t<img decoding=\"async\" src=\"https:\/\/www.victor.it\/wp-content\/uploads\/elementor\/thumbs\/asperger-qzxxbqwznjo6gt86cnca5its06t6h8g5zysn4992sw.jpg\" title=\"asperger\" alt=\"asperger\" loading=\"lazy\" \/>\t\t\t\t\t\t\t\t\t\t\t\t\t\t\t<\/div>\n\t\t\t\t<\/div>\n\t\t<div class=\"elementor-element elementor-element-7adcf91 e-con-full e-flex e-con e-child\" data-id=\"7adcf91\" data-element_type=\"container\" data-e-type=\"container\">\n\t\t\t\t<div class=\"elementor-element elementor-element-ffbd29a elementor-widget elementor-widget-heading\" data-id=\"ffbd29a\" data-element_type=\"widget\" data-e-type=\"widget\" data-widget_type=\"heading.default\">\n\t\t\t\t<div class=\"elementor-widget-container\">\n\t\t\t\t\t<h3 class=\"elementor-heading-title elementor-size-default\">Gruppo Asperger Veneto<\/h3>\t\t\t\t<\/div>\n\t\t\t\t<\/div>\n\t\t\t\t<div class=\"elementor-element elementor-element-f688d37 elementor-widget elementor-widget-text-editor\" data-id=\"f688d37\" data-element_type=\"widget\" data-e-type=\"widget\" data-widget_type=\"text-editor.default\">\n\t\t\t\t<div class=\"elementor-widget-container\">\n\t\t\t\t\t\t\t\t\t<p>Le Gruppo Asperger ONLUS a \u00e9t\u00e9 cr\u00e9\u00e9 en 2003 \u00e0 l\u2019initiative de quelques parents d\u2019enfants pr\u00e9sentant des troubles relationnels et de communication qui n\u2019\u00e9taient pas encore reconnus comme relevant de l\u2019autisme. <span style=\"color: var( --e-global-color-text ); font-family: var( --e-global-typography-text-font-family ), Sans-serif; font-size: var( --e-global-typography-text-font-size ); font-weight: var( --e-global-typography-text-font-weight ); letter-spacing: var( --e-global-typography-text-letter-spacing ); text-align: var(--text-align);\">Les principes qui inspirent son action sont les suivants : lignes directrices scientifiques, implication des personnes autistes dans les choix qui les concernent, et autorepr\u00e9sentation (self advocacy). Le Gruppo Asperger collabore avec d\u2019autres organisations pour la protection des personnes autistes et en situation de handicap, en y apportant sa contribution sp\u00e9cifique. Depuis sa cr\u00e9ation, l\u2019association s\u2019efforce de couvrir les besoins de l\u2019ensemble du territoire national italien. Au fil des ans, elle a contribu\u00e9 \u00e0 la cr\u00e9ation d\u2019associations r\u00e9gionales partageant les m\u00eames objectifs et principes : dans le Latium, en Ligurie, en Lombardie et en V\u00e9n\u00e9tie. D\u2019autres projets portent davantage sur le maintien de l\u2019autonomie de base de la personne et sur la recherche de langages plurisensoriels alternatifs \u00e0 la communication verbale classique.   <\/span><\/p>\t\t\t\t\t\t\t\t<\/div>\n\t\t\t\t<\/div>\n\t\t\t\t<div class=\"elementor-element elementor-element-33a4e1b elementor-widget elementor-widget-button\" data-id=\"33a4e1b\" data-element_type=\"widget\" data-e-type=\"widget\" data-widget_type=\"button.default\">\n\t\t\t\t<div class=\"elementor-widget-container\">\n\t\t\t\t\t\t\t\t\t<div class=\"elementor-button-wrapper\">\n\t\t\t\t\t<a class=\"elementor-button elementor-button-link elementor-size-sm elementor-animation-float\" href=\"https:\/\/www.aspergerveneto.it\/\" target=\"_blank\" rel=\"nofollow\">\n\t\t\t\t\t\t<span class=\"elementor-button-content-wrapper\">\n\t\t\t\t\t\t\t\t\t<span class=\"elementor-button-text\">en savoir plus<\/span>\n\t\t\t\t\t<\/span>\n\t\t\t\t\t<\/a>\n\t\t\t\t<\/div>\n\t\t\t\t\t\t\t\t<\/div>\n\t\t\t\t<\/div>\n\t\t\t\t<\/div>\n\t\t\t\t<\/div>\n\t\t<div class=\"elementor-element elementor-element-2a4b409 e-con-full e-flex e-con e-child\" data-id=\"2a4b409\" data-element_type=\"container\" data-e-type=\"container\">\n\t\t\t\t<div class=\"elementor-element elementor-element-ecfc502 elementor-widget elementor-widget-image\" data-id=\"ecfc502\" data-element_type=\"widget\" data-e-type=\"widget\" data-widget_type=\"image.default\">\n\t\t\t\t<div class=\"elementor-widget-container\">\n\t\t\t\t\t\t\t\t\t\t\t\t\t\t\t<img decoding=\"async\" src=\"https:\/\/www.victor.it\/wp-content\/uploads\/elementor\/thumbs\/alessandra-miotto-onlus-qzxxbn5mw7j16ddmylprvjrxmnbpmg18ng6p75enhs.jpg\" title=\"alessandra-miotto-onlus\" alt=\"alessandra-miotto-onlus\" loading=\"lazy\" \/>\t\t\t\t\t\t\t\t\t\t\t\t\t\t\t<\/div>\n\t\t\t\t<\/div>\n\t\t<div class=\"elementor-element elementor-element-a0110b4 e-con-full e-flex e-con e-child\" data-id=\"a0110b4\" data-element_type=\"container\" data-e-type=\"container\">\n\t\t\t\t<div class=\"elementor-element elementor-element-a5651f0 elementor-widget elementor-widget-heading\" data-id=\"a5651f0\" data-element_type=\"widget\" data-e-type=\"widget\" data-widget_type=\"heading.default\">\n\t\t\t\t<div class=\"elementor-widget-container\">\n\t\t\t\t\t<h3 class=\"elementor-heading-title elementor-size-default\">Fondazione Alessandra Miotto Onlus<\/h3>\t\t\t\t<\/div>\n\t\t\t\t<\/div>\n\t\t\t\t<div class=\"elementor-element elementor-element-a5715ae elementor-widget elementor-widget-text-editor\" data-id=\"a5715ae\" data-element_type=\"widget\" data-e-type=\"widget\" data-widget_type=\"text-editor.default\">\n\t\t\t\t<div class=\"elementor-widget-container\">\n\t\t\t\t\t\t\t\t\t<p>Le 3 mai 2016, apr\u00e8s la disparition pr\u00e9matur\u00e9e d\u2019Alessandra Miotto des suites d\u2019un glioblastome de grade 4, la FONDAZIONE ALESSANDRA MIOTTO ONLUS a \u00e9t\u00e9 cr\u00e9\u00e9e \u00e0 la demande de sa famille. <span style=\"color: var( --e-global-color-text ); font-family: var( --e-global-typography-text-font-family ), Sans-serif; font-size: var( --e-global-typography-text-font-size ); font-weight: var( --e-global-typography-text-font-weight ); letter-spacing: var( --e-global-typography-text-letter-spacing ); text-align: var(--text-align);\">\u00c0 travers une s\u00e9rie d\u2019initiatives visant exclusivement des finalit\u00e9s de solidarit\u00e9 sociale, <\/span><span style=\"color: var( --e-global-color-text ); font-family: var( --e-global-typography-text-font-family ), Sans-serif; font-size: var( --e-global-typography-text-font-size ); font-weight: var( --e-global-typography-text-font-weight ); letter-spacing: var( --e-global-typography-text-letter-spacing ); text-align: var(--text-align);\">la fondation a pour vocation de perp\u00e9tuer la m\u00e9moire d\u2019Alessandra Miotto en tant que<\/span><span style=\"color: var( --e-global-color-text ); font-family: var( --e-global-typography-text-font-family ), Sans-serif; font-size: var( --e-global-typography-text-font-size ); font-weight: var( --e-global-typography-text-font-weight ); letter-spacing: var( --e-global-typography-text-letter-spacing ); text-align: var(--text-align);\">m\u00e8re et \u00e9pouse exemplaire, entrepreneuse impliqu\u00e9e dans la vie de sa communaut\u00e9, femme attentive et sensible aux besoins d\u2019autrui. <\/span><span style=\"color: var( --e-global-color-text ); font-family: var( --e-global-typography-text-font-family ), Sans-serif; font-size: var( --e-global-typography-text-font-size ); font-weight: var( --e-global-typography-text-font-weight ); letter-spacing: var( --e-global-typography-text-letter-spacing ); text-align: var(--text-align);\">Sensible depuis toujours \u00e0 la cause des enfants, la fondation s\u2019est rapproch\u00e9e en 2017 avec enthousiasme de l\u2019association Team for Children Onlus,<\/span><span style=\"color: var( --e-global-color-text ); font-family: var( --e-global-typography-text-font-family ), Sans-serif; font-size: var( --e-global-typography-text-font-size ); font-weight: var( --e-global-typography-text-font-weight ); letter-spacing: var( --e-global-typography-text-letter-spacing ); text-align: var(--text-align);\">qui collabore avec les m\u00e9decins du service d\u2019onco-h\u00e9matologie p\u00e9diatrique et sa pr\u00e9sidente,<\/span><span style=\"color: var( --e-global-color-text ); font-family: var( --e-global-typography-text-font-family ), Sans-serif; font-size: var( --e-global-typography-text-font-size ); font-weight: var( --e-global-typography-text-font-weight ); letter-spacing: var( --e-global-typography-text-letter-spacing ); text-align: var(--text-align);\"> Chiara Girello Azzena. La fondation est tout aussi active dans la r\u00e9gion de Padoue pour le d\u00e9veloppement <\/span><span style=\"color: var( --e-global-color-text ); font-family: var( --e-global-typography-text-font-family ), Sans-serif; font-size: var( --e-global-typography-text-font-size ); font-weight: var( --e-global-typography-text-font-weight ); letter-spacing: var( --e-global-typography-text-letter-spacing ); text-align: var(--text-align);\">et la promotion de l\u2019art et de la culture ; elle a notamment collabor\u00e9 avec le dioc\u00e8se de Padoue \u00e0 la cr\u00e9ation du Museo Paradiso de la cath\u00e9drale de Piove di Sacco.<\/span><\/p><p><span class=\"x193iq5w xeuugli x13faqbe x1vvkbs xlh3980 xvmahel x1n0sxbx x1lliihq x1s928wv xhkezso x1gmr53x x1cpjm7i x1fgarty x1943h6x xudqn12 x3x7a5m x6prxxf xvq8zen xo1l8bm xzsf02u\" dir=\"auto\"> <\/span><\/p>\t\t\t\t\t\t\t\t<\/div>\n\t\t\t\t<\/div>\n\t\t\t\t<div class=\"elementor-element elementor-element-80fbd1e elementor-widget elementor-widget-button\" data-id=\"80fbd1e\" data-element_type=\"widget\" data-e-type=\"widget\" data-widget_type=\"button.default\">\n\t\t\t\t<div class=\"elementor-widget-container\">\n\t\t\t\t\t\t\t\t\t<div class=\"elementor-button-wrapper\">\n\t\t\t\t\t<a class=\"elementor-button elementor-button-link elementor-size-sm elementor-animation-float\" href=\"https:\/\/sandramiotto.org\/\" target=\"_blank\" rel=\"nofollow\">\n\t\t\t\t\t\t<span class=\"elementor-button-content-wrapper\">\n\t\t\t\t\t\t\t\t\t<span class=\"elementor-button-text\">en savoir plus<\/span>\n\t\t\t\t\t<\/span>\n\t\t\t\t\t<\/a>\n\t\t\t\t<\/div>\n\t\t\t\t\t\t\t\t<\/div>\n\t\t\t\t<\/div>\n\t\t\t\t<\/div>\n\t\t\t\t<\/div>\n\t\t<div class=\"elementor-element elementor-element-2332b0d e-con-full e-flex e-con e-child\" data-id=\"2332b0d\" data-element_type=\"container\" data-e-type=\"container\">\n\t\t\t\t<div class=\"elementor-element elementor-element-8584351 elementor-widget elementor-widget-image\" data-id=\"8584351\" data-element_type=\"widget\" data-e-type=\"widget\" data-widget_type=\"image.default\">\n\t\t\t\t<div class=\"elementor-widget-container\">\n\t\t\t\t\t\t\t\t\t\t\t\t\t\t\t<img decoding=\"async\" src=\"https:\/\/www.victor.it\/wp-content\/uploads\/elementor\/thumbs\/progetto-ospedale-piove-qzxxbqwznjo6gt86cnca5its06t6h8g5zysn4992sw.jpg\" title=\"progetto-ospedale-piove\" alt=\"progetto-ospedale-piove\" loading=\"lazy\" \/>\t\t\t\t\t\t\t\t\t\t\t\t\t\t\t<\/div>\n\t\t\t\t<\/div>\n\t\t<div class=\"elementor-element elementor-element-f628edb e-con-full e-flex e-con e-child\" data-id=\"f628edb\" data-element_type=\"container\" data-e-type=\"container\">\n\t\t\t\t<div class=\"elementor-element elementor-element-00b2787 elementor-widget elementor-widget-heading\" data-id=\"00b2787\" data-element_type=\"widget\" data-e-type=\"widget\" data-widget_type=\"heading.default\">\n\t\t\t\t<div class=\"elementor-widget-container\">\n\t\t\t\t\t<h3 class=\"elementor-heading-title elementor-size-default\">Unit\u00e0 Operativa di Odontoiatria di Comunit\u00e0 dell\u2019Ospedale \u201cImmacolata Concezione\u201d di Piove di Sacco<\/h3>\t\t\t\t<\/div>\n\t\t\t\t<\/div>\n\t\t\t\t<div class=\"elementor-element elementor-element-2c30fdb elementor-widget elementor-widget-text-editor\" data-id=\"2c30fdb\" data-element_type=\"widget\" data-e-type=\"widget\" data-widget_type=\"text-editor.default\">\n\t\t\t\t<div class=\"elementor-widget-container\">\n\t\t\t\t\t\t\t\t\t<p>Projet \u00e9ducatif d\u2019une dur\u00e9e de trois ans, d\u00e9di\u00e9 \u00e0 l\u2019assistance et aux soins dentaires en faveur des patients p\u00e9diatriques atteints d\u2019autisme ou de troubles du spectre autistique. Le projet s\u2019est achev\u00e9 en mars 2024<b><span style=\"color: var( --e-global-color-text ); font-family: var( --e-global-typography-text-font-family ), Sans-serif; font-size: var( --e-global-typography-text-font-size ); font-weight: var( --e-global-typography-text-font-weight ); letter-spacing: var( --e-global-typography-text-letter-spacing ); text-align: var(--text-align);\">.<\/span><\/b><\/p><p> <\/p>\t\t\t\t\t\t\t\t<\/div>\n\t\t\t\t<\/div>\n\t\t\t\t<\/div>\n\t\t\t\t<\/div>\n\t\t\t\t<\/div>\n\t\t\t\t<\/div>\n\t\t\t\t<\/div>\n\t\t","protected":false},"excerpt":{"rendered":"<p>charity Les associations et les projets que nous soutenons Nous sommes tr\u00e8s fiers de collaborer avec des associations \u00e0 but non lucratif afin de soutenir des projets d\u2019inclusion sociale et de sant\u00e9. Car entreprendre n\u2019est pas seulement une question de profits, c\u2019est aussi une responsabilit\u00e9 sociale. AULSS 9 Scaligera Nastrificio Victor Spa contribue au projet [&hellip;]<\/p>\n","protected":false},"author":1,"featured_media":0,"parent":0,"menu_order":110,"comment_status":"closed","ping_status":"closed","template":"elementor_theme","meta":{"_acf_changed":false,"footnotes":""},"class_list":["post-100767","page","type-page","status-publish","hentry"],"acf":[],"yoast_head":"<!-- This site is optimized with the Yoast SEO plugin v27.2 - https:\/\/yoast.com\/product\/yoast-seo-wordpress\/ -->\n<title>Nos \u0153uvres Charity | Nastrificio Victor<\/title>\n<meta name=\"description\" content=\"Nous sommes tr\u00e8s fiers de collaborer avec des associations \u00e0 but non lucratif afin de soutenir des projets d&#039;inclusion sociale et de sant\u00e9.\" \/>\n<meta name=\"robots\" content=\"index, follow, max-snippet:-1, max-image-preview:large, max-video-preview:-1\" \/>\n<link rel=\"canonical\" href=\"https:\/\/www.victor.it\/fr\/charity-2\/\" \/>\n<meta property=\"og:locale\" content=\"fr_FR\" \/>\n<meta property=\"og:type\" content=\"article\" \/>\n<meta property=\"og:title\" content=\"Nos \u0153uvres Charity | Nastrificio Victor\" \/>\n<meta property=\"og:description\" content=\"Nous sommes tr\u00e8s fiers de collaborer avec des associations \u00e0 but non lucratif afin de soutenir des projets d&#039;inclusion sociale et de sant\u00e9.\" \/>\n<meta property=\"og:url\" content=\"https:\/\/www.victor.it\/fr\/charity-2\/\" \/>\n<meta property=\"og:site_name\" content=\"Nastrificio Victor\" \/>\n<meta property=\"article:modified_time\" content=\"2026-03-10T15:18:29+00:00\" \/>\n<meta property=\"og:image\" content=\"https:\/\/www.victor.it\/wp-content\/uploads\/elementor\/thumbs\/ULSS_9_logo-remy1msyjtx2lsm55skcer8c7oy8qp65lu05pyn1ww.avif\" \/>\n<meta name=\"twitter:card\" content=\"summary_large_image\" \/>\n<meta name=\"twitter:label1\" content=\"Dur\u00e9e de lecture estim\u00e9e\" \/>\n\t<meta name=\"twitter:data1\" content=\"9 minutes\" \/>\n<script type=\"application\/ld+json\" class=\"yoast-schema-graph\">{\"@context\":\"https:\/\/schema.org\",\"@graph\":[{\"@type\":\"WebPage\",\"@id\":\"https:\/\/www.victor.it\/fr\/charity-2\/\",\"url\":\"https:\/\/www.victor.it\/fr\/charity-2\/\",\"name\":\"Nos \u0153uvres Charity | Nastrificio Victor\",\"isPartOf\":{\"@id\":\"https:\/\/www.victor.it\/fr\/#website\"},\"primaryImageOfPage\":{\"@id\":\"https:\/\/www.victor.it\/fr\/charity-2\/#primaryimage\"},\"image\":{\"@id\":\"https:\/\/www.victor.it\/fr\/charity-2\/#primaryimage\"},\"thumbnailUrl\":\"https:\/\/www.victor.it\/wp-content\/uploads\/elementor\/thumbs\/ULSS_9_logo-remy1msyjtx2lsm55skcer8c7oy8qp65lu05pyn1ww.avif\",\"datePublished\":\"2024-03-21T15:37:28+00:00\",\"dateModified\":\"2026-03-10T15:18:29+00:00\",\"description\":\"Nous sommes tr\u00e8s fiers de collaborer avec des associations \u00e0 but non lucratif afin de soutenir des projets d'inclusion sociale et de sant\u00e9.\",\"breadcrumb\":{\"@id\":\"https:\/\/www.victor.it\/fr\/charity-2\/#breadcrumb\"},\"inLanguage\":\"fr-FR\",\"potentialAction\":[{\"@type\":\"ReadAction\",\"target\":[\"https:\/\/www.victor.it\/fr\/charity-2\/\"]}]},{\"@type\":\"ImageObject\",\"inLanguage\":\"fr-FR\",\"@id\":\"https:\/\/www.victor.it\/fr\/charity-2\/#primaryimage\",\"url\":\"https:\/\/www.victor.it\/wp-content\/uploads\/elementor\/thumbs\/ULSS_9_logo-remy1msyjtx2lsm55skcer8c7oy8qp65lu05pyn1ww.avif\",\"contentUrl\":\"https:\/\/www.victor.it\/wp-content\/uploads\/elementor\/thumbs\/ULSS_9_logo-remy1msyjtx2lsm55skcer8c7oy8qp65lu05pyn1ww.avif\"},{\"@type\":\"BreadcrumbList\",\"@id\":\"https:\/\/www.victor.it\/fr\/charity-2\/#breadcrumb\",\"itemListElement\":[{\"@type\":\"ListItem\",\"position\":1,\"name\":\"Home\",\"item\":\"https:\/\/www.victor.it\/fr\/home-2\/\"},{\"@type\":\"ListItem\",\"position\":2,\"name\":\"Charity\"}]},{\"@type\":\"WebSite\",\"@id\":\"https:\/\/www.victor.it\/fr\/#website\",\"url\":\"https:\/\/www.victor.it\/fr\/\",\"name\":\"Nastrificio Victor\",\"description\":\"Rubans, bandes, cordons, \u00e9lastiques, lacets pour la mode\",\"potentialAction\":[{\"@type\":\"SearchAction\",\"target\":{\"@type\":\"EntryPoint\",\"urlTemplate\":\"https:\/\/www.victor.it\/fr\/?s={search_term_string}\"},\"query-input\":{\"@type\":\"PropertyValueSpecification\",\"valueRequired\":true,\"valueName\":\"search_term_string\"}}],\"inLanguage\":\"fr-FR\"}]}<\/script>\n<!-- \/ Yoast SEO plugin. -->","yoast_head_json":{"title":"Nos \u0153uvres Charity | Nastrificio Victor","description":"Nous sommes tr\u00e8s fiers de collaborer avec des associations \u00e0 but non lucratif afin de soutenir des projets d'inclusion sociale et de sant\u00e9.","robots":{"index":"index","follow":"follow","max-snippet":"max-snippet:-1","max-image-preview":"max-image-preview:large","max-video-preview":"max-video-preview:-1"},"canonical":"https:\/\/www.victor.it\/fr\/charity-2\/","og_locale":"fr_FR","og_type":"article","og_title":"Nos \u0153uvres Charity | Nastrificio Victor","og_description":"Nous sommes tr\u00e8s fiers de collaborer avec des associations \u00e0 but non lucratif afin de soutenir des projets d'inclusion sociale et de sant\u00e9.","og_url":"https:\/\/www.victor.it\/fr\/charity-2\/","og_site_name":"Nastrificio Victor","article_modified_time":"2026-03-10T15:18:29+00:00","og_image":[{"url":"https:\/\/www.victor.it\/wp-content\/uploads\/elementor\/thumbs\/ULSS_9_logo-remy1msyjtx2lsm55skcer8c7oy8qp65lu05pyn1ww.avif","type":"","width":"","height":""}],"twitter_card":"summary_large_image","twitter_misc":{"Dur\u00e9e de lecture estim\u00e9e":"9 minutes"},"schema":{"@context":"https:\/\/schema.org","@graph":[{"@type":"WebPage","@id":"https:\/\/www.victor.it\/fr\/charity-2\/","url":"https:\/\/www.victor.it\/fr\/charity-2\/","name":"Nos \u0153uvres Charity | Nastrificio Victor","isPartOf":{"@id":"https:\/\/www.victor.it\/fr\/#website"},"primaryImageOfPage":{"@id":"https:\/\/www.victor.it\/fr\/charity-2\/#primaryimage"},"image":{"@id":"https:\/\/www.victor.it\/fr\/charity-2\/#primaryimage"},"thumbnailUrl":"https:\/\/www.victor.it\/wp-content\/uploads\/elementor\/thumbs\/ULSS_9_logo-remy1msyjtx2lsm55skcer8c7oy8qp65lu05pyn1ww.avif","datePublished":"2024-03-21T15:37:28+00:00","dateModified":"2026-03-10T15:18:29+00:00","description":"Nous sommes tr\u00e8s fiers de collaborer avec des associations \u00e0 but non lucratif afin de soutenir des projets d'inclusion sociale et de sant\u00e9.","breadcrumb":{"@id":"https:\/\/www.victor.it\/fr\/charity-2\/#breadcrumb"},"inLanguage":"fr-FR","potentialAction":[{"@type":"ReadAction","target":["https:\/\/www.victor.it\/fr\/charity-2\/"]}]},{"@type":"ImageObject","inLanguage":"fr-FR","@id":"https:\/\/www.victor.it\/fr\/charity-2\/#primaryimage","url":"https:\/\/www.victor.it\/wp-content\/uploads\/elementor\/thumbs\/ULSS_9_logo-remy1msyjtx2lsm55skcer8c7oy8qp65lu05pyn1ww.avif","contentUrl":"https:\/\/www.victor.it\/wp-content\/uploads\/elementor\/thumbs\/ULSS_9_logo-remy1msyjtx2lsm55skcer8c7oy8qp65lu05pyn1ww.avif"},{"@type":"BreadcrumbList","@id":"https:\/\/www.victor.it\/fr\/charity-2\/#breadcrumb","itemListElement":[{"@type":"ListItem","position":1,"name":"Home","item":"https:\/\/www.victor.it\/fr\/home-2\/"},{"@type":"ListItem","position":2,"name":"Charity"}]},{"@type":"WebSite","@id":"https:\/\/www.victor.it\/fr\/#website","url":"https:\/\/www.victor.it\/fr\/","name":"Nastrificio Victor","description":"Rubans, bandes, cordons, \u00e9lastiques, lacets pour la mode","potentialAction":[{"@type":"SearchAction","target":{"@type":"EntryPoint","urlTemplate":"https:\/\/www.victor.it\/fr\/?s={search_term_string}"},"query-input":{"@type":"PropertyValueSpecification","valueRequired":true,"valueName":"search_term_string"}}],"inLanguage":"fr-FR"}]}},"_links":{"self":[{"href":"https:\/\/www.victor.it\/fr\/wp-json\/wp\/v2\/pages\/100767","targetHints":{"allow":["GET"]}}],"collection":[{"href":"https:\/\/www.victor.it\/fr\/wp-json\/wp\/v2\/pages"}],"about":[{"href":"https:\/\/www.victor.it\/fr\/wp-json\/wp\/v2\/types\/page"}],"author":[{"embeddable":true,"href":"https:\/\/www.victor.it\/fr\/wp-json\/wp\/v2\/users\/1"}],"replies":[{"embeddable":true,"href":"https:\/\/www.victor.it\/fr\/wp-json\/wp\/v2\/comments?post=100767"}],"version-history":[{"count":1,"href":"https:\/\/www.victor.it\/fr\/wp-json\/wp\/v2\/pages\/100767\/revisions"}],"predecessor-version":[{"id":100768,"href":"https:\/\/www.victor.it\/fr\/wp-json\/wp\/v2\/pages\/100767\/revisions\/100768"}],"wp:attachment":[{"href":"https:\/\/www.victor.it\/fr\/wp-json\/wp\/v2\/media?parent=100767"}],"curies":[{"name":"wp","href":"https:\/\/api.w.org\/{rel}","templated":true}]}}